{"id":98,"date":"2021-03-05T14:08:07","date_gmt":"2021-03-05T14:08:07","guid":{"rendered":"https:\/\/www.grace-initiative.eu\/?page_id=98"},"modified":"2021-05-04T13:24:34","modified_gmt":"2021-05-04T13:24:34","slug":"sobre-nosotros","status":"publish","type":"page","link":"https:\/\/www.grace-initiative.eu\/?page_id=98","title":{"rendered":"Sobre el proyecto"},"content":{"rendered":"\t\t<div data-elementor-type=\"wp-page\" data-elementor-id=\"98\" class=\"elementor elementor-98\">\n\t\t\t\t\t\t<section class=\"elementor-section elementor-top-section elementor-element elementor-element-e6ffacc elementor-section-boxed elementor-section-height-default elementor-section-height-default\" data-id=\"e6ffacc\" data-element_type=\"section\">\n\t\t\t\t\t\t<div class=\"elementor-container elementor-column-gap-default\">\n\t\t\t\t\t<div class=\"elementor-column elementor-col-100 elementor-top-column elementor-element elementor-element-810a366\" data-id=\"810a366\" data-element_type=\"column\">\n\t\t\t<div class=\"elementor-widget-wrap elementor-element-populated\">\n\t\t\t\t\t\t<div class=\"elementor-element elementor-element-c711024 elementor-widget elementor-widget-spacer\" data-id=\"c711024\" data-element_type=\"widget\" data-widget_type=\"spacer.default\">\n\t\t\t\t<div class=\"elementor-widget-container\">\n\t\t\t\t\t\t\t<div class=\"elementor-spacer\">\n\t\t\t<div class=\"elementor-spacer-inner\"><\/div>\n\t\t<\/div>\n\t\t\t\t\t\t<\/div>\n\t\t\t\t<\/div>\n\t\t\t\t\t<\/div>\n\t\t<\/div>\n\t\t\t\t\t<\/div>\n\t\t<\/section>\n\t\t\t\t<section class=\"elementor-section elementor-top-section elementor-element elementor-element-4d46b45 elementor-section-boxed elementor-section-height-default elementor-section-height-default\" data-id=\"4d46b45\" data-element_type=\"section\">\n\t\t\t\t\t\t<div class=\"elementor-container elementor-column-gap-default\">\n\t\t\t\t\t<div class=\"elementor-column elementor-col-100 elementor-top-column elementor-element elementor-element-675d1f5\" data-id=\"675d1f5\" data-element_type=\"column\">\n\t\t\t<div class=\"elementor-widget-wrap elementor-element-populated\">\n\t\t\t\t\t\t<div class=\"elementor-element elementor-element-d4f6d11 elementor-widget elementor-widget-heading\" data-id=\"d4f6d11\" data-element_type=\"widget\" data-widget_type=\"heading.default\">\n\t\t\t\t<div class=\"elementor-widget-container\">\n\t\t\t\t\t<h1 class=\"elementor-heading-title elementor-size-default\">Sobre el proyecto<\/h1>\t\t\t\t<\/div>\n\t\t\t\t<\/div>\n\t\t\t\t\t<\/div>\n\t\t<\/div>\n\t\t\t\t\t<\/div>\n\t\t<\/section>\n\t\t\t\t<section class=\"elementor-section elementor-top-section elementor-element elementor-element-06afbe5 elementor-section-boxed elementor-section-height-default elementor-section-height-default\" data-id=\"06afbe5\" data-element_type=\"section\">\n\t\t\t\t\t\t<div class=\"elementor-container elementor-column-gap-default\">\n\t\t\t\t\t<div class=\"elementor-column elementor-col-100 elementor-top-column elementor-element elementor-element-038aa0c\" data-id=\"038aa0c\" data-element_type=\"column\">\n\t\t\t<div class=\"elementor-widget-wrap elementor-element-populated\">\n\t\t\t\t\t\t<div class=\"elementor-element elementor-element-ec8d31f elementor-widget elementor-widget-text-editor\" data-id=\"ec8d31f\" data-element_type=\"widget\" data-widget_type=\"text-editor.default\">\n\t\t\t\t<div class=\"elementor-widget-container\">\n\t\t\t\t\t\t\t\t\t<p style=\"text-align: center;\">Al basarse en el modelo de negocio tradicional que favorece la comunicaci\u00f3n cara a cara con el cliente, las peque\u00f1as empresas se vieron especialmente afectadas y no estaban preparadas para afrontar los cambios que trajo consigo la COVID-19. Sin embargo, la pandemia puso de manifiesto la ya existente falta de competencias digitales que sit\u00faa a estas peque\u00f1as empresas en una posici\u00f3n de desventaja, disminuye su competitividad y las llevar\u00e1 a la exclusi\u00f3n de las oportunidades de la era digital.<\/p><p style=\"text-align: center;\">El proyecto GRACE est\u00e1 intr\u00ednsecamente orientado a minimizar las barreras de acceso a la oferta de formaci\u00f3n, ya que construye una experiencia de formaci\u00f3n totalmente en l\u00ednea.<\/p><p style=\"text-align: center;\">El partenariado tomar\u00e1 todas las medidas necesarias para garantizar la accesibilidad y la participaci\u00f3n activa en sus actividades y adoptar\u00e1 las soluciones adecuadas.<\/p>\t\t\t\t\t\t\t\t<\/div>\n\t\t\t\t<\/div>\n\t\t\t\t\t<\/div>\n\t\t<\/div>\n\t\t\t\t\t<\/div>\n\t\t<\/section>\n\t\t\t\t<section class=\"elementor-section elementor-top-section elementor-element elementor-element-4eb77a9 elementor-section-boxed elementor-section-height-default elementor-section-height-default\" data-id=\"4eb77a9\" data-element_type=\"section\">\n\t\t\t\t\t\t<div class=\"elementor-container elementor-column-gap-default\">\n\t\t\t\t\t<div class=\"elementor-column elementor-col-100 elementor-top-column elementor-element elementor-element-8e2bb38\" data-id=\"8e2bb38\" data-element_type=\"column\">\n\t\t\t<div class=\"elementor-widget-wrap elementor-element-populated\">\n\t\t\t\t\t\t<div class=\"elementor-element elementor-element-e09e69b elementor-widget-divider--view-line elementor-widget elementor-widget-divider\" data-id=\"e09e69b\" data-element_type=\"widget\" data-widget_type=\"divider.default\">\n\t\t\t\t<div class=\"elementor-widget-container\">\n\t\t\t\t\t\t\t<div class=\"elementor-divider\">\n\t\t\t<span class=\"elementor-divider-separator\">\n\t\t\t\t\t\t<\/span>\n\t\t<\/div>\n\t\t\t\t\t\t<\/div>\n\t\t\t\t<\/div>\n\t\t\t\t\t<\/div>\n\t\t<\/div>\n\t\t\t\t\t<\/div>\n\t\t<\/section>\n\t\t\t\t<section class=\"elementor-section elementor-top-section elementor-element elementor-element-3c68a9f elementor-section-boxed elementor-section-height-default elementor-section-height-default\" data-id=\"3c68a9f\" data-element_type=\"section\">\n\t\t\t\t\t\t<div class=\"elementor-container elementor-column-gap-default\">\n\t\t\t\t\t<div class=\"elementor-column elementor-col-100 elementor-top-column elementor-element elementor-element-444b0de\" data-id=\"444b0de\" data-element_type=\"column\">\n\t\t\t<div class=\"elementor-widget-wrap elementor-element-populated\">\n\t\t\t\t\t\t<div class=\"elementor-element elementor-element-632a72d elementor-widget elementor-widget-heading\" data-id=\"632a72d\" data-element_type=\"widget\" data-widget_type=\"heading.default\">\n\t\t\t\t<div class=\"elementor-widget-container\">\n\t\t\t\t\t<h2 class=\"elementor-heading-title elementor-size-default\">Grupo destinatario directo<\/h2>\t\t\t\t<\/div>\n\t\t\t\t<\/div>\n\t\t\t\t\t<\/div>\n\t\t<\/div>\n\t\t\t\t\t<\/div>\n\t\t<\/section>\n\t\t\t\t<section class=\"elementor-section elementor-top-section elementor-element elementor-element-1493f2d elementor-section-boxed elementor-section-height-default elementor-section-height-default\" data-id=\"1493f2d\" data-element_type=\"section\">\n\t\t\t\t\t\t<div class=\"elementor-container elementor-column-gap-default\">\n\t\t\t\t\t<div class=\"elementor-column elementor-col-100 elementor-top-column elementor-element elementor-element-6c269a7\" data-id=\"6c269a7\" data-element_type=\"column\">\n\t\t\t<div class=\"elementor-widget-wrap elementor-element-populated\">\n\t\t\t\t\t\t<div class=\"elementor-element elementor-element-ae8c465 elementor-align-center elementor-icon-list--layout-traditional elementor-list-item-link-full_width elementor-widget elementor-widget-icon-list\" data-id=\"ae8c465\" data-element_type=\"widget\" data-widget_type=\"icon-list.default\">\n\t\t\t\t<div class=\"elementor-widget-container\">\n\t\t\t\t\t\t\t<ul class=\"elementor-icon-list-items\">\n\t\t\t\t\t\t\t<li class=\"elementor-icon-list-item\">\n\t\t\t\t\t\t\t\t\t\t\t<span class=\"elementor-icon-list-icon\">\n\t\t\t\t\t\t\t<i aria-hidden=\"true\" class=\"fas fa-star\"><\/i>\t\t\t\t\t\t<\/span>\n\t\t\t\t\t\t\t\t\t\t<span class=\"elementor-icon-list-text\">Microempresas culturales y creativas, en particular en las regiones tur\u00edsticas<\/span>\n\t\t\t\t\t\t\t\t\t<\/li>\n\t\t\t\t\t\t\t\t<li class=\"elementor-icon-list-item\">\n\t\t\t\t\t\t\t\t\t\t\t<span class=\"elementor-icon-list-icon\">\n\t\t\t\t\t\t\t<i aria-hidden=\"true\" class=\"far fa-star\"><\/i>\t\t\t\t\t\t<\/span>\n\t\t\t\t\t\t\t\t\t\t<span class=\"elementor-icon-list-text\">Personas emprendedoras y el personal de estas microempresas<\/span>\n\t\t\t\t\t\t\t\t\t<\/li>\n\t\t\t\t\t\t<\/ul>\n\t\t\t\t\t\t<\/div>\n\t\t\t\t<\/div>\n\t\t\t\t\t<\/div>\n\t\t<\/div>\n\t\t\t\t\t<\/div>\n\t\t<\/section>\n\t\t\t\t<section class=\"elementor-section elementor-top-section elementor-element elementor-element-7c84d80 elementor-section-boxed elementor-section-height-default elementor-section-height-default\" data-id=\"7c84d80\" data-element_type=\"section\">\n\t\t\t\t\t\t<div class=\"elementor-container elementor-column-gap-default\">\n\t\t\t\t\t<div class=\"elementor-column elementor-col-100 elementor-top-column elementor-element elementor-element-9ad35f1\" data-id=\"9ad35f1\" data-element_type=\"column\">\n\t\t\t<div class=\"elementor-widget-wrap elementor-element-populated\">\n\t\t\t\t\t\t<div class=\"elementor-element elementor-element-d865b8e elementor-widget elementor-widget-image\" data-id=\"d865b8e\" data-element_type=\"widget\" data-widget_type=\"image.default\">\n\t\t\t\t<div class=\"elementor-widget-container\">\n\t\t\t\t\t\t\t\t\t\t\t\t\t\t\t<img fetchpriority=\"high\" decoding=\"async\" width=\"768\" height=\"512\" src=\"https:\/\/www.grace-initiative.eu\/wp-content\/uploads\/2021\/04\/business_tree-1-768x512.jpg\" class=\"attachment-medium_large size-medium_large wp-image-348\" alt=\"\" srcset=\"https:\/\/www.grace-initiative.eu\/wp-content\/uploads\/2021\/04\/business_tree-1-768x512.jpg 768w, https:\/\/www.grace-initiative.eu\/wp-content\/uploads\/2021\/04\/business_tree-1-300x200.jpg 300w, https:\/\/www.grace-initiative.eu\/wp-content\/uploads\/2021\/04\/business_tree-1-1024x683.jpg 1024w, https:\/\/www.grace-initiative.eu\/wp-content\/uploads\/2021\/04\/business_tree-1-1536x1024.jpg 1536w, https:\/\/www.grace-initiative.eu\/wp-content\/uploads\/2021\/04\/business_tree-1-930x620.jpg 930w, https:\/\/www.grace-initiative.eu\/wp-content\/uploads\/2021\/04\/business_tree-1.jpg 1920w\" sizes=\"(max-width: 768px) 100vw, 768px\" \/>\t\t\t\t\t\t\t\t\t\t\t\t\t\t\t<\/div>\n\t\t\t\t<\/div>\n\t\t\t\t\t<\/div>\n\t\t<\/div>\n\t\t\t\t\t<\/div>\n\t\t<\/section>\n\t\t\t\t<\/div>\n\t\t","protected":false},"excerpt":{"rendered":"<p>Sobre el proyecto Al basarse en el modelo de negocio tradicional que favorece la comunicaci\u00f3n cara a cara con el cliente, las peque\u00f1as empresas se vieron especialmente afectadas y no estaban preparadas para afrontar los cambios que trajo consigo la COVID-19. Sin embargo, la pandemia puso de manifiesto la ya existente falta de competencias digitales&hellip;&nbsp;<a href=\"https:\/\/www.grace-initiative.eu\/?page_id=98\" rel=\"bookmark\">Read More &raquo;<span class=\"screen-reader-text\">Sobre el proyecto<\/span><\/a><\/p>\n","protected":false},"author":1,"featured_media":0,"parent":0,"menu_order":21,"comment_status":"closed","ping_status":"closed","template":"page-templates\/template-pagebuilder-full-width.php","meta":{"neve_meta_sidebar":"full-width","neve_meta_container":"","neve_meta_enable_content_width":"on","neve_meta_content_width":100,"neve_meta_title_alignment":"","neve_meta_author_avatar":"","neve_post_elements_order":"","neve_meta_disable_header":"","neve_meta_disable_footer":"","neve_meta_disable_title":"","footnotes":""},"class_list":["post-98","page","type-page","status-publish","hentry"],"_links":{"self":[{"href":"https:\/\/www.grace-initiative.eu\/index.php?rest_route=\/wp\/v2\/pages\/98","targetHints":{"allow":["GET"]}}],"collection":[{"href":"https:\/\/www.grace-initiative.eu\/index.php?rest_route=\/wp\/v2\/pages"}],"about":[{"href":"https:\/\/www.grace-initiative.eu\/index.php?rest_route=\/wp\/v2\/types\/page"}],"author":[{"embeddable":true,"href":"https:\/\/www.grace-initiative.eu\/index.php?rest_route=\/wp\/v2\/users\/1"}],"replies":[{"embeddable":true,"href":"https:\/\/www.grace-initiative.eu\/index.php?rest_route=%2Fwp%2Fv2%2Fcomments&post=98"}],"version-history":[{"count":11,"href":"https:\/\/www.grace-initiative.eu\/index.php?rest_route=\/wp\/v2\/pages\/98\/revisions"}],"predecessor-version":[{"id":495,"href":"https:\/\/www.grace-initiative.eu\/index.php?rest_route=\/wp\/v2\/pages\/98\/revisions\/495"}],"wp:attachment":[{"href":"https:\/\/www.grace-initiative.eu\/index.php?rest_route=%2Fwp%2Fv2%2Fmedia&parent=98"}],"curies":[{"name":"wp","href":"https:\/\/api.w.org\/{rel}","templated":true}]}}